{"id":492,"date":"2024-10-20T16:02:59","date_gmt":"2024-10-20T14:02:59","guid":{"rendered":"https:\/\/cittaamicheunicef.comune.succivo.ce.it\/?page_id=492"},"modified":"2025-07-30T01:28:09","modified_gmt":"2025-07-29T23:28:09","slug":"i-principali-passi-previsti-dal-percorso","status":"publish","type":"page","link":"https:\/\/cittaamicheunicef.comune.succivo.ce.it\/?page_id=492","title":{"rendered":"Succivo Citt\u00e0 Amica dei bambini e degli adolescenti &#8211; I principali passi del percorso"},"content":{"rendered":"\n<p><strong>COS\u2019\u00c8 IL PROGRAMMA \u201cCITT\u00c0 AMICA DEI BAMBINI E DEGLI ADOLESCENTI\u201d<\/strong><\/p>\n\n\n\n<p>Una citt\u00e0 amica dei bambini \u00e8 una citt\u00e0 impegnata nella piena attuazione della Convenzione ONU sui Diritti dell\u2019infanzia e dell\u2019adolescenza.<\/p>\n\n\n\n<ul class=\"wp-block-list\">\n<li>\u00c8 un&nbsp;<strong>movimento globale<\/strong>&nbsp;che mette insieme autorit\u00e0 locali, societ\u00e0 civile e altri stakeholder locali con lo scopo di costruire citt\u00e0 a misura di bambini e ragazzi.<\/li>\n\n\n\n<li>\u00c8 un Programma che rafforza l\u2019<strong>inclusione sociale<\/strong>&nbsp;sollecitando le citt\u00e0 a dare priorit\u00e0 ai pi\u00f9 vulnerabili, affinch\u00e9 nessun bambino sia invisibile.<\/li>\n\n\n\n<li>\u00c8 un percorso che promuove la&nbsp;<strong>partecipazione dei bambini e dei ragazzi<\/strong>. Il Programma promuove il loro coinvolgimento a tutti i livelli del processo di sviluppo locale.<\/li>\n\n\n\n<li>\u00c8 un&nbsp;<strong>cambio di priorit\u00e0<\/strong>&nbsp;in tutti i processi decisionali locali. Con l\u2019adesione al Programma, l\u2019amministrazione comunale riconosce l\u2019importanza di investire sul benessere dei bambini e dei ragazzi.<\/li>\n\n\n\n<li>\u00c8 uno&nbsp;<strong>strumento che permette di tradurre in azione<\/strong>&nbsp;i principi della Convenzione ONU.<\/li>\n<\/ul>\n\n\n\n<p>Nella citt\u00e0 amica la partecipazione attiva e autonoma dei bambini alle scelte e ai progetti che li riguardano \u00e8 considerata fondamentale per il cambiamento istituzionale, ambientale e culturale. Attraverso la promozione della loro partecipazione viene sviluppata l\u2019idea di \u201ccitt\u00e0\u201d come sistema aperto che riconosce visibilit\u00e0 e legittimit\u00e0 a tutti i suoi cittadini, in primo luogo ai bambini.<\/p>\n\n\n\n<p>Il processo di costruzione di una citt\u00e0 amica richiede, non soltanto impegni politici che vedono il coinvolgimento di diverse componenti amministrative, ma anche la costituzione di una rete locale che coinvolga scuole, associazioni, gruppi e cittadini a tutti i livelli della comunit\u00e0 in un sistema che ponga l\u2019attenzione ad un nuovo rapporto fra bambino e ambiente urbano.<\/p>\n\n\n\n<p><strong>PER OGNI BAMBINO, UNA CITT\u00c0 AMICA DELL\u2019INFANZIA E DELL\u2019ADOLESCENZA<\/strong><br>Tutti i bambini hanno il diritto di vivere in un ambiente nel quale si sentano sicuri, abbiano accesso ai servizi, possano giocare, imparare, crescere e dove la loro voce venga ascoltata e tenuta in considerazione.<\/p>\n\n\n\n<p>Il Programma UNICEF Citt\u00e0 amiche dei bambini e degli adolescenti supporta le citt\u00e0 perch\u00e9 ci\u00f2 si realizzi.<\/p>\n\n\n\n<p><strong>COME SI SVOLGE IL PERCORSO?<\/strong><br>Il percorso \u00e8 costituito da una serie di azioni che l\u2019amministrazione comunale di Succivo si impegna a realizzare per ottenere l\u2019accreditamento come Citt\u00e0 amica dei bambini e degli adolescenti.<\/p>\n\n\n\n<p><strong>COSA SIGNIFICA ACCREDITAMENTO?<\/strong><br>L\u2019 accreditamento attesta che l\u2019amministrazione comunale ha realizzato tutti i passi previsti dal programma Citt\u00e0 Amiche dei Bambini e degli Adolescenti, dimostrando di aver voluto dedicare attenzione alla realizzazione di un processo in continuo sviluppo e implementazione che non riguarda singoli progetti, ma un generale cambiamento nella comprensione e attuazione dei diritti dell\u2019infanzia e dell\u2019adolescenza a tutti i livelli dell\u2019amministrazione.<\/p>\n\n\n\n<p><strong>COME SI OTTIENE L\u2019ACCREDITAMENTO?<\/strong><br>L\u2019accreditamento viene rilasciato attraverso un sistema di valutazione prestabilito, utilizzando una griglia di indicatori di processo riguardanti tutti i passi previsti dal percorso. Vengono fissati degli incontri periodici di monitoraggio tra amministrazione e UNICEF Italia.<\/p>\n\n\n\n<p>Per approfondimenti: <a href=\"https:\/\/www.unicef.it\/italia-amica-dei-bambini\/citta-amiche\/\" target=\"_blank\" rel=\"noreferrer noopener\">Guarda sul sito dell\u2019Unicef<\/a><\/p>\n\n\n\n<p class=\"has-text-align-center has-x-large-font-size\"><strong><mark style=\"background-color:rgba(0, 0, 0, 0)\" class=\"has-inline-color has-black-color\">I PRINCIPALI PASSI PREVISTI DAL PERCORSO<\/mark><\/strong><\/p>\n\n\n<div class=\"wp-block-image\">\n<figure class=\"alignleft size-full is-resized\"><img loading=\"lazy\" decoding=\"async\" width=\"200\" height=\"115\" src=\"http:\/\/cittaamicheunicef.comune.succivo.ce.it\/wp-content\/uploads\/2024\/10\/01.jpg\" alt=\"\" class=\"wp-image-461\" style=\"width:132px;height:auto\"\/><\/figure>\n<\/div>\n\n\n<h2 class=\"wp-block-heading has-text-align-left has-luminous-vivid-amber-to-luminous-vivid-orange-gradient-background has-background has-large-font-size\"><sup><strong>&nbsp;1.Adottare la delibera di adesione e firmare il protocollo d&#8217;intesa<\/strong><\/sup><\/h2>\n\n\n\n<div class=\"wp-block-file\"><a id=\"wp-block-file--media-c3992b8d-2dc1-453a-a396-21089af8f8b7\" href=\"http:\/\/cittaamicheunicef.comune.succivo.ce.it\/wp-content\/uploads\/2023\/03\/DELIBERAZIONE-DEL-CONSIGLIO-COMUNALE.pdf\"><strong><mark style=\"background-color:rgba(0, 0, 0, 0)\" class=\"has-inline-color has-black-color\">D.C.C. n 36 del 28\/11\/2022<\/mark><\/strong><\/a><a href=\"http:\/\/cittaamicheunicef.comune.succivo.ce.it\/wp-content\/uploads\/2023\/03\/DELIBERAZIONE-DEL-CONSIGLIO-COMUNALE.pdf\" class=\"wp-block-file__button wp-element-button\" download aria-describedby=\"wp-block-file--media-c3992b8d-2dc1-453a-a396-21089af8f8b7\">Download<\/a><\/div>\n\n\n\n<div class=\"wp-block-file\"><a id=\"wp-block-file--media-738d88cb-105b-4f30-8c49-19b02f1f86f7\" href=\"http:\/\/cittaamicheunicef.comune.succivo.ce.it\/wp-content\/uploads\/2023\/03\/succivo_protocollo.pdf\"><strong><mark style=\"background-color:rgba(0, 0, 0, 0)\" class=\"has-inline-color has-black-color\">Protocollo Succivo 17\/01\/2023<\/mark><\/strong><\/a><a href=\"http:\/\/cittaamicheunicef.comune.succivo.ce.it\/wp-content\/uploads\/2023\/03\/succivo_protocollo.pdf\" class=\"wp-block-file__button wp-element-button\" download aria-describedby=\"wp-block-file--media-738d88cb-105b-4f30-8c49-19b02f1f86f7\">Download<\/a><\/div>\n\n\n\n<p><a href=\"http:\/\/cittaamicheunicef.comune.succivo.ce.it\/wp-content\/uploads\/2023\/03\/DELIBERAZIONE-DEL-CONSIGLIO-COMUNALE.pdf\"><\/a><\/p>\n\n\n<div class=\"wp-block-image\">\n<figure class=\"alignleft size-full is-resized\"><img loading=\"lazy\" decoding=\"async\" width=\"200\" height=\"115\" src=\"http:\/\/cittaamicheunicef.comune.succivo.ce.it\/wp-content\/uploads\/2024\/10\/02-2.jpg\" alt=\"\" class=\"wp-image-463\" style=\"width:143px;height:auto\"\/><\/figure>\n<\/div>\n\n\n<div class=\"wp-block-group is-nowrap is-layout-flex wp-container-core-group-is-layout-ad2f72ca wp-block-group-is-layout-flex\">\n<h2 class=\"wp-block-heading has-text-align-left has-pale-cyan-blue-background-color has-background has-large-font-size\"><strong>2<\/strong>. <strong>Istituire un coordinamento<\/strong> <strong>tra assessorati <\/strong><\/h2>\n<\/div>\n\n\n\n<div class=\"wp-block-group is-nowrap is-layout-flex wp-container-core-group-is-layout-ad2f72ca wp-block-group-is-layout-flex\">\n<div class=\"wp-block-file\"><a id=\"wp-block-file--media-177c7582-305b-4266-8927-735c75385265\" href=\"http:\/\/cittaamicheunicef.comune.succivo.ce.it\/wp-content\/uploads\/2024\/10\/3.-DGC-18-del-21.2.2023-avvio-procedura-costituzione-tavolo-di-coordinamento-politico-e-tecnico.pdf\"><mark style=\"background-color:rgba(0, 0, 0, 0)\" class=\"has-inline-color has-black-color\"><strong><em>3. DGC 18 del 21.2.2023 avvio procedura costituzione tavolo di coordinamento politico e tecnico<\/em><\/strong><\/mark><\/a><a href=\"http:\/\/cittaamicheunicef.comune.succivo.ce.it\/wp-content\/uploads\/2024\/10\/3.-DGC-18-del-21.2.2023-avvio-procedura-costituzione-tavolo-di-coordinamento-politico-e-tecnico.pdf\" class=\"wp-block-file__button wp-element-button\" download aria-describedby=\"wp-block-file--media-177c7582-305b-4266-8927-735c75385265\">Download<\/a><\/div>\n<\/div>\n\n\n\n<div class=\"wp-block-file\"><a id=\"wp-block-file--media-91654672-347d-4c8e-818a-a626553af9f9\" href=\"http:\/\/cittaamicheunicef.comune.succivo.ce.it\/wp-content\/uploads\/2025\/03\/Verbale-n.-1-Tavolo-politico-e-tecnico-30-03-2023.pdf\"><strong><mark style=\"background-color:rgba(0, 0, 0, 0)\" class=\"has-inline-color has-black-color\">Verbale n. 1 Tavolo politico e tecnico 30-03-2023<\/mark><\/strong><\/a><a href=\"http:\/\/cittaamicheunicef.comune.succivo.ce.it\/wp-content\/uploads\/2025\/03\/Verbale-n.-1-Tavolo-politico-e-tecnico-30-03-2023.pdf\" class=\"wp-block-file__button wp-element-button\" download aria-describedby=\"wp-block-file--media-91654672-347d-4c8e-818a-a626553af9f9\">Download<\/a><\/div>\n\n\n\n<div class=\"wp-block-file\"><a id=\"wp-block-file--media-c7fd0146-10c9-4b25-84fe-2886e41bd1fb\" href=\"http:\/\/cittaamicheunicef.comune.succivo.ce.it\/wp-content\/uploads\/2025\/03\/Verbale-n.-2-Tavolo-politico-e-tecnico-15-06-2023.pdf\"><strong><mark style=\"background-color:rgba(0, 0, 0, 0)\" class=\"has-inline-color has-black-color\">Verbale n. 2 Tavolo politico e tecnico 15-06-2023<\/mark><\/strong><\/a><a href=\"http:\/\/cittaamicheunicef.comune.succivo.ce.it\/wp-content\/uploads\/2025\/03\/Verbale-n.-2-Tavolo-politico-e-tecnico-15-06-2023.pdf\" class=\"wp-block-file__button wp-element-button\" download aria-describedby=\"wp-block-file--media-c7fd0146-10c9-4b25-84fe-2886e41bd1fb\">Download<\/a><\/div>\n\n\n\n<div class=\"wp-block-file\"><a id=\"wp-block-file--media-d91551b4-dad6-41a7-bc62-e46d05a8d71d\" href=\"http:\/\/cittaamicheunicef.comune.succivo.ce.it\/wp-content\/uploads\/2025\/03\/Verbale-n.-3-Tavolo-politico-e-tecnico-21-09-2023.pdf\"><strong><mark style=\"background-color:rgba(0, 0, 0, 0)\" class=\"has-inline-color has-black-color\">Verbale n. 3 Tavolo politico e tecnico 21-09-2023<\/mark><\/strong><\/a><a href=\"http:\/\/cittaamicheunicef.comune.succivo.ce.it\/wp-content\/uploads\/2025\/03\/Verbale-n.-3-Tavolo-politico-e-tecnico-21-09-2023.pdf\" class=\"wp-block-file__button wp-element-button\" download aria-describedby=\"wp-block-file--media-d91551b4-dad6-41a7-bc62-e46d05a8d71d\">Download<\/a><\/div>\n\n\n\n<div class=\"wp-block-file\"><a id=\"wp-block-file--media-e569b0b4-132f-454f-836c-3b658279bc8c\" href=\"http:\/\/cittaamicheunicef.comune.succivo.ce.it\/wp-content\/uploads\/2025\/03\/Verbale-n.-4-Tavolo-politico-e-tecnico-14-12-2023.pdf\"><strong><mark style=\"background-color:rgba(0, 0, 0, 0)\" class=\"has-inline-color has-black-color\">Verbale n. 4 Tavolo politico e tecnico 14-12-2023<\/mark><\/strong><\/a><a href=\"http:\/\/cittaamicheunicef.comune.succivo.ce.it\/wp-content\/uploads\/2025\/03\/Verbale-n.-4-Tavolo-politico-e-tecnico-14-12-2023.pdf\" class=\"wp-block-file__button wp-element-button\" download aria-describedby=\"wp-block-file--media-e569b0b4-132f-454f-836c-3b658279bc8c\">Download<\/a><\/div>\n\n\n\n<div class=\"wp-block-file\"><a id=\"wp-block-file--media-37f1142c-eaf2-4292-ae5d-8924bd989aaf\" href=\"http:\/\/cittaamicheunicef.comune.succivo.ce.it\/wp-content\/uploads\/2025\/03\/Verbale-n.-5-Tavolo-politico-e-tecnico-27-02-2024.pdf\"><strong><mark style=\"background-color:rgba(0, 0, 0, 0)\" class=\"has-inline-color has-black-color\">Verbale n. 5 Tavolo politico e tecnico 27-02-2024<\/mark><\/strong><\/a><a href=\"http:\/\/cittaamicheunicef.comune.succivo.ce.it\/wp-content\/uploads\/2025\/03\/Verbale-n.-5-Tavolo-politico-e-tecnico-27-02-2024.pdf\" class=\"wp-block-file__button wp-element-button\" download aria-describedby=\"wp-block-file--media-37f1142c-eaf2-4292-ae5d-8924bd989aaf\">Download<\/a><\/div>\n\n\n\n<div class=\"wp-block-file\"><a id=\"wp-block-file--media-e9c13b12-4214-4d87-ac3c-b8f75cdfbe92\" href=\"http:\/\/cittaamicheunicef.comune.succivo.ce.it\/wp-content\/uploads\/2025\/03\/Verbale-n.-6-Tavolo-politico-e-tecnico-16-05-2024.pdf\"><strong><mark style=\"background-color:rgba(0, 0, 0, 0)\" class=\"has-inline-color has-black-color\">Verbale n. 6 Tavolo politico e tecnico 16-05-2024<\/mark><\/strong><\/a><a href=\"http:\/\/cittaamicheunicef.comune.succivo.ce.it\/wp-content\/uploads\/2025\/03\/Verbale-n.-6-Tavolo-politico-e-tecnico-16-05-2024.pdf\" class=\"wp-block-file__button wp-element-button\" download aria-describedby=\"wp-block-file--media-e9c13b12-4214-4d87-ac3c-b8f75cdfbe92\">Download<\/a><\/div>\n\n\n\n<div class=\"wp-block-file\"><a id=\"wp-block-file--media-b733000f-3cf7-4ffa-aa10-9f60109eb643\" href=\"http:\/\/cittaamicheunicef.comune.succivo.ce.it\/wp-content\/uploads\/2025\/03\/Verbale-n.-7-Tavolo-politico-e-tecnico-02-09-2024.pdf\"><strong><mark style=\"background-color:rgba(0, 0, 0, 0)\" class=\"has-inline-color has-black-color\">Verbale n. 7 Tavolo politico e tecnico 02-09-2024<\/mark><\/strong><\/a><a href=\"http:\/\/cittaamicheunicef.comune.succivo.ce.it\/wp-content\/uploads\/2025\/03\/Verbale-n.-7-Tavolo-politico-e-tecnico-02-09-2024.pdf\" class=\"wp-block-file__button wp-element-button\" download aria-describedby=\"wp-block-file--media-b733000f-3cf7-4ffa-aa10-9f60109eb643\">Download<\/a><\/div>\n\n\n\n<div class=\"wp-block-file\"><a id=\"wp-block-file--media-410e1faf-421e-4da5-9b33-8f1aefb383ec\" href=\"http:\/\/cittaamicheunicef.comune.succivo.ce.it\/wp-content\/uploads\/2025\/03\/Verbale-n.-8-Tavolo-politico-e-tecnico-07-11-2024.pdf\"><strong><mark style=\"background-color:rgba(0, 0, 0, 0)\" class=\"has-inline-color has-black-color\">Verbale n. 8 Tavolo politico e tecnico 07-11-2024<\/mark><\/strong><\/a><a href=\"http:\/\/cittaamicheunicef.comune.succivo.ce.it\/wp-content\/uploads\/2025\/03\/Verbale-n.-8-Tavolo-politico-e-tecnico-07-11-2024.pdf\" class=\"wp-block-file__button wp-element-button\" download aria-describedby=\"wp-block-file--media-410e1faf-421e-4da5-9b33-8f1aefb383ec\">Download<\/a><\/div>\n\n\n\n<div class=\"wp-block-file\"><a id=\"wp-block-file--media-512bbea1-4d35-428e-86f5-d5ea0bef2871\" href=\"http:\/\/cittaamicheunicef.comune.succivo.ce.it\/wp-content\/uploads\/2025\/03\/Verbale-n.-9-Tavolo-politico-e-tecnico-30-01-2025.pdf\"><strong><mark style=\"background-color:rgba(0, 0, 0, 0)\" class=\"has-inline-color has-black-color\">Verbale n. 9 Tavolo politico e tecnico 30-01-2025<\/mark><\/strong><\/a><a href=\"http:\/\/cittaamicheunicef.comune.succivo.ce.it\/wp-content\/uploads\/2025\/03\/Verbale-n.-9-Tavolo-politico-e-tecnico-30-01-2025.pdf\" class=\"wp-block-file__button wp-element-button\" download aria-describedby=\"wp-block-file--media-512bbea1-4d35-428e-86f5-d5ea0bef2871\">Download<\/a><\/div>\n\n\n\n<div class=\"wp-block-file\"><a id=\"wp-block-file--media-bb0cfe1e-9932-4e98-bf87-6c9a5628b02f\" href=\"http:\/\/cittaamicheunicef.comune.succivo.ce.it\/wp-content\/uploads\/2025\/06\/Verbale-n.-10-Tavolo-politico-e-tecnico-10-04-2025.pdf\"><strong><mark style=\"background-color:rgba(0, 0, 0, 0)\" class=\"has-inline-color has-black-color\">Verbale n. 10 Tavolo politico e tecnico 10-04-2025<\/mark><\/strong><\/a><a href=\"http:\/\/cittaamicheunicef.comune.succivo.ce.it\/wp-content\/uploads\/2025\/06\/Verbale-n.-10-Tavolo-politico-e-tecnico-10-04-2025.pdf\" class=\"wp-block-file__button wp-element-button\" download aria-describedby=\"wp-block-file--media-bb0cfe1e-9932-4e98-bf87-6c9a5628b02f\">Download<\/a><\/div>\n\n\n<div class=\"wp-block-image\">\n<figure class=\"alignleft size-full is-resized\"><img loading=\"lazy\" decoding=\"async\" width=\"200\" height=\"115\" src=\"http:\/\/cittaamicheunicef.comune.succivo.ce.it\/wp-content\/uploads\/2024\/10\/03-1.jpg\" alt=\"\" class=\"wp-image-464\" style=\"width:168px;height:auto\"\/><\/figure>\n<\/div>\n\n\n<h2 class=\"wp-block-heading has-text-align-left has-very-light-gray-to-cyan-bluish-gray-gradient-background has-background\"><strong>3<\/strong><em>. <\/em><strong>Svolgere un\u2019analisi della condizione dell\u2019infanzia e dell\u2019adolescenza in citta che permetta una valutazione \u201cante\u201d e \u201cpost\u201d  dell\u2019impatto delle politiche intraprese  <\/strong><\/h2>\n\n\n\n<div class=\"wp-block-file\"><a id=\"wp-block-file--media-81e3e639-057b-4281-ba26-45e53e717496\" href=\"https:\/\/cittaamicheunicef.comune.succivo.ce.it\/wp-content\/uploads\/2025\/06\/All_Mappatura-dei-servizi-2023_progetti-2024_2025-1.xlsx\"><strong><mark style=\"background-color:rgba(0, 0, 0, 0)\" class=\"has-inline-color has-black-color\">All_Mappatura dei servizi 2023_progetti 2024_2025<\/mark><\/strong><\/a><a href=\"https:\/\/cittaamicheunicef.comune.succivo.ce.it\/wp-content\/uploads\/2025\/06\/All_Mappatura-dei-servizi-2023_progetti-2024_2025-1.xlsx\" class=\"wp-block-file__button wp-element-button\" download aria-describedby=\"wp-block-file--media-81e3e639-057b-4281-ba26-45e53e717496\">Download<\/a><\/div>\n\n\n\n<div class=\"wp-block-file\"><a id=\"wp-block-file--media-c0b1534e-5ae6-4d03-9d86-148ccbcb17d6\" href=\"https:\/\/cittaamicheunicef.comune.succivo.ce.it\/wp-content\/uploads\/2025\/07\/Allegato-01-al-Rapporto-Succivo.pdf\"><strong><mark style=\"background-color:rgba(0, 0, 0, 0)\" class=\"has-inline-color has-black-color\">Allegato 01 al Rapporto Succivo<\/mark><\/strong><\/a><a href=\"https:\/\/cittaamicheunicef.comune.succivo.ce.it\/wp-content\/uploads\/2025\/07\/Allegato-01-al-Rapporto-Succivo.pdf\" class=\"wp-block-file__button wp-element-button\" download aria-describedby=\"wp-block-file--media-c0b1534e-5ae6-4d03-9d86-148ccbcb17d6\">Download<\/a><\/div>\n\n\n\n<h2 class=\"wp-block-heading has-blush-bordeaux-gradient-background has-background\"><strong>4. Elaborare una strategia completa e condivisa individuando le priorit\u00e0 nell&#8217;ambito delle cinque aree obiettivo <\/strong><\/h2>\n\n\n\n<div class=\"wp-block-file\"><a id=\"wp-block-file--media-7d90c9e4-8b44-4ad3-b9e3-3e7dd629df26\" href=\"http:\/\/cittaamicheunicef.comune.succivo.ce.it\/wp-content\/uploads\/2025\/07\/Rapporto-Succivo-58-73_compressed.pdf\"><strong><mark style=\"background-color:rgba(0, 0, 0, 0)\" class=\"has-inline-color has-black-color\">Rapporto Succivo-58-73<\/mark><\/strong><\/a><a href=\"http:\/\/cittaamicheunicef.comune.succivo.ce.it\/wp-content\/uploads\/2025\/07\/Rapporto-Succivo-58-73_compressed.pdf\" class=\"wp-block-file__button wp-element-button\" download aria-describedby=\"wp-block-file--media-7d90c9e4-8b44-4ad3-b9e3-3e7dd629df26\">Download<\/a><\/div>\n\n\n<div class=\"wp-block-image\">\n<figure class=\"alignleft size-full is-resized\"><img loading=\"lazy\" decoding=\"async\" width=\"200\" height=\"115\" src=\"http:\/\/cittaamicheunicef.comune.succivo.ce.it\/wp-content\/uploads\/2024\/10\/05-1.jpg\" alt=\"\" class=\"wp-image-466\" style=\"width:160px;height:auto\"\/><\/figure>\n<\/div>\n\n\n<h2 class=\"wp-block-heading has-luminous-vivid-amber-to-luminous-vivid-orange-gradient-background has-background\"><strong>5. Tradurre la strategia nel DUP  e nel bilancio<\/strong> DuP 2024-2026<\/h2>\n\n\n\n<div class=\"wp-block-file\"><a id=\"wp-block-file--media-30175a1f-9d10-4b21-815e-aaa7449f862e\" href=\"http:\/\/cittaamicheunicef.comune.succivo.ce.it\/wp-content\/uploads\/2025\/07\/Rapporto-Succivo-75-79_compressed.pdf\"><strong><mark style=\"background-color:rgba(0, 0, 0, 0)\" class=\"has-inline-color has-black-color\">Rapporto Succivo-75-79<\/mark><\/strong><\/a><a href=\"http:\/\/cittaamicheunicef.comune.succivo.ce.it\/wp-content\/uploads\/2025\/07\/Rapporto-Succivo-75-79_compressed.pdf\" class=\"wp-block-file__button wp-element-button\" download aria-describedby=\"wp-block-file--media-30175a1f-9d10-4b21-815e-aaa7449f862e\">Download<\/a><\/div>\n\n\n<div class=\"wp-block-image\">\n<figure class=\"alignleft size-full is-resized\"><img loading=\"lazy\" decoding=\"async\" width=\"200\" height=\"115\" src=\"http:\/\/cittaamicheunicef.comune.succivo.ce.it\/wp-content\/uploads\/2024\/10\/06-1.jpg\" alt=\"\" class=\"wp-image-467\" style=\"width:158px;height:auto\"\/><\/figure>\n<\/div>\n\n\n<h2 class=\"wp-block-heading has-electric-grass-gradient-background has-background\"><strong>6. Istituire un organismo di coordinamento tra amministrazione e societ\u00e0 civile <\/strong><\/h2>\n\n\n\n<div class=\"wp-block-file\"><a id=\"wp-block-file--media-8d86735b-8e66-4240-95bd-42503e199701\" href=\"http:\/\/cittaamicheunicef.comune.succivo.ce.it\/wp-content\/uploads\/2024\/10\/5a.-ALL.-AVVISO-PUBBLICO-Det.-885-31-10-2023.pdf\"><strong><mark style=\"background-color:rgba(0, 0, 0, 0)\" class=\"has-inline-color has-black-color\"><em>ALL. AVVISO PUBBLICO Det. 885 31-10-2023<\/em><\/mark><\/strong><\/a><a href=\"http:\/\/cittaamicheunicef.comune.succivo.ce.it\/wp-content\/uploads\/2024\/10\/5a.-ALL.-AVVISO-PUBBLICO-Det.-885-31-10-2023.pdf\" class=\"wp-block-file__button wp-element-button\" download aria-describedby=\"wp-block-file--media-8d86735b-8e66-4240-95bd-42503e199701\">Download<\/a><\/div>\n\n\n\n<div class=\"wp-block-file\"><a id=\"wp-block-file--media-5f941dae-36db-4f2f-a78c-b2dcca48fce5\" href=\"http:\/\/cittaamicheunicef.comune.succivo.ce.it\/wp-content\/uploads\/2024\/10\/5b.-All.-A-Det.-885-RICHIESTA_DI_ADESIONE_ALL_ORGANISMO_DI_COORDINAMENTO.pdf\"><strong><mark style=\"background-color:rgba(0, 0, 0, 0)\" class=\"has-inline-color has-black-color\"><em> All. A Det. 885 RICHIESTA_DI_ADESIONE_ALL_ORGANISMO_DI_COORDINAMENTO<\/em><\/mark><\/strong><\/a><a href=\"http:\/\/cittaamicheunicef.comune.succivo.ce.it\/wp-content\/uploads\/2024\/10\/5b.-All.-A-Det.-885-RICHIESTA_DI_ADESIONE_ALL_ORGANISMO_DI_COORDINAMENTO.pdf\" class=\"wp-block-file__button wp-element-button\" download aria-describedby=\"wp-block-file--media-5f941dae-36db-4f2f-a78c-b2dcca48fce5\">Download<\/a><\/div>\n\n\n\n<div class=\"wp-block-file\"><a id=\"wp-block-file--media-dbd6cac3-a3bd-47f2-a24d-e7b02005dfd2\" href=\"http:\/\/cittaamicheunicef.comune.succivo.ce.it\/wp-content\/uploads\/2024\/10\/5.-Det.-885-31-10-2023-avviso-pubblico-per-enti-tavolo-coordinamento.pdf\"><strong><mark style=\"background-color:rgba(0, 0, 0, 0)\" class=\"has-inline-color has-black-color\"><em>Det. 885 31-10-2023 avviso pubblico per enti tavolo coordinamento<\/em><\/mark><\/strong><\/a><a href=\"http:\/\/cittaamicheunicef.comune.succivo.ce.it\/wp-content\/uploads\/2024\/10\/5.-Det.-885-31-10-2023-avviso-pubblico-per-enti-tavolo-coordinamento.pdf\" class=\"wp-block-file__button wp-element-button\" download aria-describedby=\"wp-block-file--media-dbd6cac3-a3bd-47f2-a24d-e7b02005dfd2\">Download<\/a><\/div>\n\n\n\n<div class=\"wp-block-file\"><a id=\"wp-block-file--media-26037e3a-fcae-456b-a172-8403e51e322d\" href=\"http:\/\/cittaamicheunicef.comune.succivo.ce.it\/wp-content\/uploads\/2024\/10\/6.-DGC-50-del-9.9.24-approvazione-tavolo-di-coord.-e-schema-disciplinare.pdf\"><strong><mark style=\"background-color:rgba(0, 0, 0, 0)\" class=\"has-inline-color has-black-color\">DGC 50 del 9.9.24 approvazione tavolo di coord. e schema disciplinare<\/mark><\/strong><\/a><a href=\"http:\/\/cittaamicheunicef.comune.succivo.ce.it\/wp-content\/uploads\/2024\/10\/6.-DGC-50-del-9.9.24-approvazione-tavolo-di-coord.-e-schema-disciplinare.pdf\" class=\"wp-block-file__button wp-element-button\" download aria-describedby=\"wp-block-file--media-26037e3a-fcae-456b-a172-8403e51e322d\">Download<\/a><\/div>\n\n\n\n<div class=\"wp-block-file\"><a id=\"wp-block-file--media-6f7a551b-ebc6-4226-974f-ad6de199ec8b\" href=\"http:\/\/cittaamicheunicef.comune.succivo.ce.it\/wp-content\/uploads\/2024\/10\/6a.-All.-DGC-50-del-9.9.24-SCHEMA-DISCIPLINARE_UNICEF.pdf\"><strong><mark style=\"background-color:rgba(0, 0, 0, 0)\" class=\"has-inline-color has-black-color\">All. DGC 50 del 9.9.24 SCHEMA DISCIPLINARE_UNICEF<\/mark><\/strong><\/a><a href=\"http:\/\/cittaamicheunicef.comune.succivo.ce.it\/wp-content\/uploads\/2024\/10\/6a.-All.-DGC-50-del-9.9.24-SCHEMA-DISCIPLINARE_UNICEF.pdf\" class=\"wp-block-file__button wp-element-button\" download aria-describedby=\"wp-block-file--media-6f7a551b-ebc6-4226-974f-ad6de199ec8b\">Download<\/a><\/div>\n\n\n\n<div class=\"wp-block-file\"><a id=\"wp-block-file--media-ad4c9b4f-59e4-4d5f-af25-b0bf5d095d92\" href=\"http:\/\/cittaamicheunicef.comune.succivo.ce.it\/wp-content\/uploads\/2025\/03\/Verbale-n.-1_14.11.2024-TAVOLO-SOCIETA-CIVILE-Insediamento-Osservatorio.pdf\"><strong><mark style=\"background-color:rgba(0, 0, 0, 0)\" class=\"has-inline-color has-black-color\">Verbale n. 1_14.11.2024 TAVOLO SOCIETA&#8217; CIVILE Insediamento Osservatorio<\/mark><\/strong><\/a><a href=\"http:\/\/cittaamicheunicef.comune.succivo.ce.it\/wp-content\/uploads\/2025\/03\/Verbale-n.-1_14.11.2024-TAVOLO-SOCIETA-CIVILE-Insediamento-Osservatorio.pdf\" class=\"wp-block-file__button wp-element-button\" download aria-describedby=\"wp-block-file--media-ad4c9b4f-59e4-4d5f-af25-b0bf5d095d92\">Download<\/a><\/div>\n\n\n\n<div class=\"wp-block-file\"><a id=\"wp-block-file--media-8dbf331d-302d-4346-87be-f87b7f6c3c06\" href=\"http:\/\/cittaamicheunicef.comune.succivo.ce.it\/wp-content\/uploads\/2025\/03\/Verbale-n.-2_13.02.2025-TAVOLO-SOCIETA-CIVILE-Osservatorio.pdf\"><strong><mark style=\"background-color:rgba(0, 0, 0, 0)\" class=\"has-inline-color has-black-color\">Verbale n. 2_13.02.2025 TAVOLO SOCIETA&#8217; CIVILE Osservatorio<\/mark><\/strong><\/a><a href=\"http:\/\/cittaamicheunicef.comune.succivo.ce.it\/wp-content\/uploads\/2025\/03\/Verbale-n.-2_13.02.2025-TAVOLO-SOCIETA-CIVILE-Osservatorio.pdf\" class=\"wp-block-file__button wp-element-button\" download aria-describedby=\"wp-block-file--media-8dbf331d-302d-4346-87be-f87b7f6c3c06\">Download<\/a><\/div>\n\n\n\n<div class=\"wp-block-file\"><a id=\"wp-block-file--media-93e062d5-40be-4562-ba64-86ce77ce23ea\" href=\"http:\/\/cittaamicheunicef.comune.succivo.ce.it\/wp-content\/uploads\/2025\/06\/Verbale-n.-3_20.05.2025-TAVOLO-SOCIETA-CIVILE.pdf\"><strong><mark style=\"background-color:rgba(0, 0, 0, 0)\" class=\"has-inline-color has-black-color\">Verbale n. 3_20.05.2025 TAVOLO SOCIETA&#8217; CIVILE<\/mark><\/strong><\/a><a href=\"http:\/\/cittaamicheunicef.comune.succivo.ce.it\/wp-content\/uploads\/2025\/06\/Verbale-n.-3_20.05.2025-TAVOLO-SOCIETA-CIVILE.pdf\" class=\"wp-block-file__button wp-element-button\" download aria-describedby=\"wp-block-file--media-93e062d5-40be-4562-ba64-86ce77ce23ea\">Download<\/a><\/div>\n\n\n<div class=\"wp-block-image\">\n<figure class=\"alignleft size-full is-resized\"><img loading=\"lazy\" decoding=\"async\" width=\"200\" height=\"115\" src=\"http:\/\/cittaamicheunicef.comune.succivo.ce.it\/wp-content\/uploads\/2024\/10\/07-1.jpg\" alt=\"\" class=\"wp-image-468\" style=\"width:161px;height:auto\"\/><\/figure>\n<\/div>\n\n\n<h2 class=\"wp-block-heading has-blush-light-purple-gradient-background has-background\"><strong>7. Implementare la strategia nelle politiche<\/strong><\/h2>\n\n\n\n<div class=\"wp-block-file\"><a id=\"wp-block-file--media-ca254983-333b-47c0-89d2-191d5cb653f1\" href=\"http:\/\/cittaamicheunicef.comune.succivo.ce.it\/wp-content\/uploads\/2025\/07\/Rapporto20Succivo.pdf-17-58-min-min.pdf\"><strong><mark style=\"background-color:rgba(0, 0, 0, 0)\" class=\"has-inline-color has-black-color\">Rapporto_Succivo.pdf-17-58-min-min<\/mark><\/strong><\/a><a href=\"http:\/\/cittaamicheunicef.comune.succivo.ce.it\/wp-content\/uploads\/2025\/07\/Rapporto20Succivo.pdf-17-58-min-min.pdf\" class=\"wp-block-file__button wp-element-button\" download aria-describedby=\"wp-block-file--media-ca254983-333b-47c0-89d2-191d5cb653f1\">Download<\/a><\/div>\n\n\n<div class=\"wp-block-image\">\n<figure class=\"alignleft size-full is-resized\"><img loading=\"lazy\" decoding=\"async\" width=\"200\" height=\"115\" src=\"http:\/\/cittaamicheunicef.comune.succivo.ce.it\/wp-content\/uploads\/2024\/10\/08-1.jpg\" alt=\"\" class=\"wp-image-469\" style=\"width:175px;height:auto\"\/><\/figure>\n<\/div>\n\n\n<h2 class=\"wp-block-heading has-luminous-dusk-gradient-background has-background\"><strong>8. Elaborare un rapporto periodico per valutare e illustrare i progressi realizzati e i passi ancora da compiere <\/strong><\/h2>\n\n\n\n<div class=\"wp-block-file\"><a id=\"wp-block-file--media-75c8f681-6af4-40eb-bc6e-cd013ec2097f\" href=\"http:\/\/cittaamicheunicef.comune.succivo.ce.it\/wp-content\/uploads\/2025\/07\/Comune_di_Succivo_Rapporto-Succivo-per-bambini_rev.05_compressed.pdf\"><strong><mark style=\"background-color:rgba(0, 0, 0, 0)\" class=\"has-inline-color has-black-color\">Comune_di_Succivo_Rapporto Succivo per bambini<\/mark><\/strong><\/a><a href=\"http:\/\/cittaamicheunicef.comune.succivo.ce.it\/wp-content\/uploads\/2025\/07\/Comune_di_Succivo_Rapporto-Succivo-per-bambini_rev.05_compressed.pdf\" class=\"wp-block-file__button wp-element-button\" download aria-describedby=\"wp-block-file--media-75c8f681-6af4-40eb-bc6e-cd013ec2097f\">Download<\/a><\/div>\n\n\n\n<div class=\"wp-block-file\"><a id=\"wp-block-file--media-95846710-d1c9-4511-99b2-4da47bb91ab4\" href=\"http:\/\/cittaamicheunicef.comune.succivo.ce.it\/wp-content\/uploads\/2025\/07\/Rapporto20Succivo.pdf_compressed.pdf\"><strong><mark style=\"background-color:rgba(0, 0, 0, 0)\" class=\"has-inline-color has-black-color\">Rapporto_Adulti<\/mark><\/strong><\/a><a href=\"http:\/\/cittaamicheunicef.comune.succivo.ce.it\/wp-content\/uploads\/2025\/07\/Rapporto20Succivo.pdf_compressed.pdf\" class=\"wp-block-file__button wp-element-button\" download aria-describedby=\"wp-block-file--media-95846710-d1c9-4511-99b2-4da47bb91ab4\">Download<\/a><\/div>\n\n\n<div class=\"wp-block-image\">\n<figure class=\"alignleft size-full is-resized\"><img loading=\"lazy\" decoding=\"async\" width=\"200\" height=\"115\" src=\"http:\/\/cittaamicheunicef.comune.succivo.ce.it\/wp-content\/uploads\/2024\/10\/09-1.jpg\" alt=\"\" class=\"wp-image-470\" style=\"width:170px;height:auto\"\/><\/figure>\n<\/div>\n\n\n<h2 class=\"wp-block-heading has-luminous-vivid-amber-background-color has-background\"><strong>9. Si ottiene l&#8217;accreditamento con l&#8217;attuazione di tutte le fasi previste (valido due anni)<\/strong><\/h2>\n\n\n\n<p><\/p>\n\n\n\n<p><\/p>\n","protected":false},"excerpt":{"rendered":"<p>COS\u2019\u00c8 IL PROGRAMMA \u201cCITT\u00c0 AMICA DEI BAMBINI E DEGLI ADOLESCENTI\u201d Una citt\u00e0 amica dei bambini \u00e8 una citt\u00e0 impegnata nella piena attuazione della Convenzione ONU sui Diritti dell\u2019infanzia e dell\u2019adolescenza. Nella citt\u00e0 amica la partecipazione attiva e autonoma dei bambini alle scelte e ai progetti che li riguardano \u00e8 considerata fondamentale per il cambiamento istituzionale, &hellip; <\/p>\n<p class=\"link-more\"><a href=\"https:\/\/cittaamicheunicef.comune.succivo.ce.it\/?page_id=492\" class=\"more-link\">Continue reading<span class=\"screen-reader-text\"> &#8220;Succivo Citt\u00e0 Amica dei bambini e degli adolescenti &#8211; I principali passi del percorso&#8221;<\/span><\/a><\/p>\n","protected":false},"author":3,"featured_media":0,"parent":0,"menu_order":0,"comment_status":"closed","ping_status":"closed","template":"","meta":{"footnotes":""},"class_list":["post-492","page","type-page","status-publish","hentry"],"_links":{"self":[{"href":"https:\/\/cittaamicheunicef.comune.succivo.ce.it\/index.php?rest_route=\/wp\/v2\/pages\/492","targetHints":{"allow":["GET"]}}],"collection":[{"href":"https:\/\/cittaamicheunicef.comune.succivo.ce.it\/index.php?rest_route=\/wp\/v2\/pages"}],"about":[{"href":"https:\/\/cittaamicheunicef.comune.succivo.ce.it\/index.php?rest_route=\/wp\/v2\/types\/page"}],"author":[{"embeddable":true,"href":"https:\/\/cittaamicheunicef.comune.succivo.ce.it\/index.php?rest_route=\/wp\/v2\/users\/3"}],"replies":[{"embeddable":true,"href":"https:\/\/cittaamicheunicef.comune.succivo.ce.it\/index.php?rest_route=%2Fwp%2Fv2%2Fcomments&post=492"}],"version-history":[{"count":46,"href":"https:\/\/cittaamicheunicef.comune.succivo.ce.it\/index.php?rest_route=\/wp\/v2\/pages\/492\/revisions"}],"predecessor-version":[{"id":673,"href":"https:\/\/cittaamicheunicef.comune.succivo.ce.it\/index.php?rest_route=\/wp\/v2\/pages\/492\/revisions\/673"}],"wp:attachment":[{"href":"https:\/\/cittaamicheunicef.comune.succivo.ce.it\/index.php?rest_route=%2Fwp%2Fv2%2Fmedia&parent=492"}],"curies":[{"name":"wp","href":"https:\/\/api.w.org\/{rel}","templated":true}]}}